{"id":46,"date":"2018-03-14T00:34:11","date_gmt":"2018-03-13T23:34:11","guid":{"rendered":"http:\/\/plug.izone.be\/cap-ciel-bxl\/?page_id=46"},"modified":"2018-11-30T23:01:35","modified_gmt":"2018-11-30T22:01:35","slug":"choisis-donc-la-vie","status":"publish","type":"page","link":"http:\/\/plug.izone.be\/cap-ciel-bxl\/choisis-donc-la-vie\/","title":{"rendered":"Choisis donc la vie\u00a0!"},"content":{"rendered":"<p>[vc_row][vc_column][vc_column_text]<\/p>\n<h3><span style=\"color: #0000ff\">1. Changeons de cap<\/span><\/h3>\n<h3>Cap actuel (d&rsquo;apr\u00e8s Mgr De Kesel)<\/h3>\n<ul>\n<li>\u00ab\u00a0<em>C\u2019est la fin d\u00e9finitive de la chr\u00e9tient\u00e9\u00a0\u00bb<\/em>.<\/li>\n<li>\u00ab<span lang=\"fr-FR\"><em> L\u2019Eglise doit accepter de tout c\u0153ur cette culture moderne pluraliste et y trouver sa place<\/em>\u00a0\u00bb (1).<\/span><\/li>\n<li>\u00ab\u00a0<em>Ce sera une \u00c9glise plus petite, mais &#8211; et c&rsquo;est beaucoup plus important &#8211; ce sera une \u00c9glise plus pratiquante, une \u00c9glise s\u00fbre d&rsquo;elle\u00a0<\/em>\u00bb.<\/li>\n<li>\u00ab <em>Le grand nombre de paroisses et l&rsquo;occupation de tout le terrain ne correspondent plus \u00e0 la position r\u00e9elle de l&rsquo;Eglise dans notre soci\u00e9t\u00e9 moderne. Ce qui importe surtout dans notre situation actuelle, c&rsquo;est qu&rsquo;il y ait suffisamment de lieux o\u00f9 des chr\u00e9tiens peuvent se rassembler et que ce soient des lieux qui rayonnent vers l&rsquo;ext\u00e9rieur\u00a0\u00bb.<\/em><\/li>\n<li>Aux pr\u00eatres (4\/02\/15):<em>\u00ab\u00a0Il nous faut participer \u00e0 la construction d\u2019une soci\u00e9t\u00e9 humaine et pacifique o\u00f9 aucune Tradition n\u2019a le monopole\u00a0\u00bb<\/em>,<\/li>\n<li><span lang=\"fr-FR\"><span lang=\"fr-FR\">\u00ab\u00a0<em>Je n\u2019ai rien contre la s\u00e9cularisation de notre culture. Ce ne serait pas une bonne chose qu\u2019une seule conviction religieuse devienne dominante\u00a0<\/em>\u00bb.<\/span><\/span><\/li>\n<li>D&rsquo;apr\u00e8s le th\u00e9ologien (protestant) Bonhoeffer, tr\u00e8s appr\u00e9ci\u00e9 par Mgr De Kesel, \u00abDieu nous fait savoir qu&rsquo;il nous faut vivre en tant qu&rsquo;hommes qui parviennent \u00e0 vivre sans Dieu\u00bb. \u00ab\u00a0Lorsque l\u2019Eglise vivra ainsi, sans aucune volont\u00e9 de pouvoir religieux , en solidarit\u00e9 avec les hommes a-religieux, alors seulement ses paroles auront \u00e0 nouveau fermet\u00e9 et force (DBW 8, 561)\u00a0\u00bb. Bonhoeffer est un \u00ab\u00a0p<span lang=\"fr-FR\">enseur multidimensionnel, \u00e0 la fois homme de pri\u00e8res et proph\u00e8te d&rsquo;un monde devenu adulte et non religieux, pr\u00e9dicateur contre une \u00c9glise s\u00e9cularis\u00e9e et pr\u00e9curseur de la th\u00e9ologie dite &lsquo;d&rsquo;apr\u00e8s la mort de Dieu&rsquo;\u00bb(3).<\/span><\/li>\n<\/ul>\n<ol>\n<li><a href=\"http:\/\/belgicatho.hautetfort.com\/archive\/2015\/11\/06\/la-nomination-de-mgr-de-kesel-est-officielle-5712068.html\"><span style=\"color: #c45911\"><span style=\"font-family: Calibri, serif\"><span lang=\"fr-FR\">http:\/\/belgicatho.hautetfort.com\/archive\/2015\/11\/06\/la-nomination-de-mgr-de-kesel-est-officielle-5712068.html<\/span><\/span><\/span><\/a><\/li>\n<li><a href=\"http:\/\/belgicatho.hautetfort.com\/\"><span style=\"color: #c45911\"><span style=\"font-family: Calibri, serif\"><u>http:\/\/belgicatho.hautetfort.com\/<\/u><\/span><\/span><\/a><a href=\"http:\/\/croire.la-croix.com\/Definitions\/Figures-spirituelles\/Dietrich-Bonhoeffer\/Vers-un-christianisme-non-religieux\"><span style=\"color: #c45911\">roix.com\/Definitions\/Figures-spirituelles\/Dietrich-Bonhoeffer\/Vers-un-christianisme-non-religieux<\/span><\/a><\/li>\n<\/ol>\n<p>De fait, \u00ab il y a une tendance \u00e0 accepter la la\u00efcit\u00e9, pour se faire une petite place et faire du catholicisme presque un \u00e9l\u00e9ment de folklore, qui ne d\u00e9range pas cette soci\u00e9t\u00e9 ath\u00e9e \u00bb Mgr Negri 9\/1\/18 Libero)[\/vc_column_text][vc_column_text]<\/p>\n<h3 align=\"JUSTIFY\">Cap missionnaire<\/h3>\n<ul>\n<li>\u00ab Aux autres villes aussi, il me faut annoncer la Bonne Nouvelle du Royaume de Dieu, car c\u2019est pour cela que j\u2019ai \u00e9t\u00e9 envoy\u00e9\u00a0\u00bb. Lc 4, 43<\/li>\n<li>\u00ab Va t-en par les chemins et le long des cl\u00f4tures, et fais entrer les gens de force, afin que ma maison se remplisse \u00bb.\u00a0 Lc 14,23<\/li>\n<li>\u00ab Lequel d\u2019entre vous, s\u2019il a cent brebis et vient \u00e0 en perdre une, n\u2019abandonne les quatre vingt-dix-neuf autres dans le d\u00e9sert pour s\u2019en aller aupr\u00e8s de celle qui est perdue, jusqu\u2019\u00e0 ce qu\u2019il l\u2019ait retrouv\u00e9e ? \u00bb.\u00a0 Lc 15, 4<\/li>\n<li>\u00ab Allez dans le monde entier, proclamez l\u2019Evangile \u00e0 toute la cr\u00e9ation. Celui qui croira et sera baptis\u00e9, sera sauv\u00e9 ; celui qui ne croira pas sera condamn\u00e9\u00bb.\u00a0 Mc 16,15<\/li>\n<li>\u00ab Allez donc, de toutes les nations faites des disciples, les baptisant au nom du P\u00e8re et du Fils et du Saint-Esprit et leur apprenant \u00e0 observer tout ce que je vous ai prescrit \u00bb. Mt 28, 19-20<\/li>\n<\/ul>\n<p>[\/vc_column_text][dt_fancy_separator][vc_row_inner][vc_column_inner][\/vc_column_inner][\/vc_row_inner][\/vc_column][\/vc_row][vc_row full_width=\u00a0\u00bbstretch_row\u00a0\u00bb full_height=\u00a0\u00bbyes\u00a0\u00bb equal_height=\u00a0\u00bbyes\u00a0\u00bb content_placement=\u00a0\u00bbmiddle\u00a0\u00bb parallax=\u00a0\u00bbcontent-moving\u00a0\u00bb css_animation=\u00a0\u00bbbounceIn\u00a0\u00bb css=\u00a0\u00bb.vc_custom_1522968735750{background-color: #7ab8ff !important;}\u00a0\u00bb][vc_column][vc_column_text css_animation=\u00a0\u00bbfadeInLeftBig\u00a0\u00bb]<\/p>\n<p align=\"CENTER\">Choisis donc la vie\u00a0!<\/p>\n<table border=\"1\" width=\"604\" cellspacing=\"0\" cellpadding=\"7\">\n<colgroup>\n<col width=\"287\" \/>\n<col width=\"287\" \/> <\/colgroup>\n<tbody>\n<tr valign=\"TOP\">\n<td style=\"text-align: center\" width=\"287\"><strong>Pastorale A<\/strong><\/td>\n<td style=\"text-align: center\" width=\"287\"><strong>Pastorale B<\/strong><\/td>\n<\/tr>\n<tr valign=\"TOP\">\n<td width=\"287\">Chercher sa (petite) place \u00e0 c\u00f4t\u00e9 des autres religions<\/td>\n<td width=\"287\">Annoncer l\u2019Evangile \u00e0 toutes les nations<\/td>\n<\/tr>\n<tr valign=\"TOP\">\n<td width=\"287\">Fermeture des \u00e9glises<\/td>\n<td width=\"287\">Ouverture des \u00e9glises<\/td>\n<\/tr>\n<tr valign=\"TOP\">\n<td width=\"287\">r\u00e9duction<\/td>\n<td width=\"287\">augmentation<\/td>\n<\/tr>\n<tr valign=\"TOP\">\n<td width=\"287\">discr\u00e9tion<\/td>\n<td width=\"287\">visibilit\u00e9<\/td>\n<\/tr>\n<tr valign=\"TOP\">\n<td width=\"287\">Politique de la terre br\u00fbl\u00e9e<\/td>\n<td width=\"287\">Politique de l\u2019extension<\/td>\n<\/tr>\n<tr valign=\"TOP\">\n<td width=\"287\">petit reste<\/td>\n<td width=\"287\">peuple nombreux<\/td>\n<\/tr>\n<tr valign=\"TOP\">\n<td width=\"287\">proposition<\/td>\n<td width=\"287\">annonce<\/td>\n<\/tr>\n<tr valign=\"TOP\">\n<td width=\"287\">Une v\u00e9rit\u00e9<\/td>\n<td width=\"287\">La V\u00e9rit\u00e9<\/td>\n<\/tr>\n<tr valign=\"TOP\">\n<td width=\"287\">fusion<\/td>\n<td width=\"287\">communion<\/td>\n<\/tr>\n<tr valign=\"TOP\">\n<td width=\"287\">d\u00e9croissance<\/td>\n<td width=\"287\">croissance<\/td>\n<\/tr>\n<tr valign=\"TOP\">\n<td width=\"287\">division<\/td>\n<td width=\"287\">multiplication<\/td>\n<\/tr>\n<tr valign=\"TOP\">\n<td width=\"287\">centralisation<\/td>\n<td width=\"287\">d\u00e9centralisation<\/td>\n<\/tr>\n<tr valign=\"TOP\">\n<td width=\"287\">\u00e9loignement<\/td>\n<td width=\"287\">proximit\u00e9<\/td>\n<\/tr>\n<tr valign=\"TOP\">\n<td width=\"287\">humanisation<\/td>\n<td width=\"287\">\u00e9vang\u00e9lisation<\/td>\n<\/tr>\n<tr valign=\"TOP\">\n<td width=\"287\">Sacrements m\u00e9rit\u00e9s (longue pr\u00e9pa,\u2026)<\/td>\n<td width=\"287\">Sacrements gratuits<\/td>\n<\/tr>\n<tr valign=\"TOP\">\n<td width=\"287\">mort<\/td>\n<td width=\"287\">vie<\/td>\n<\/tr>\n<\/tbody>\n<\/table>\n<p>[\/vc_column_text][\/vc_column][\/vc_row][vc_row][vc_column][vc_column_text]<\/p>\n<p align=\"CENTER\"><span style=\"color: #333300\">\u00ab\u00a0D\u00e9sacraliser\u00a0\u00bb un miracle eucharistique, authentifi\u00e9 par l&rsquo;Eglise, en le r\u00e9duisant \u00e0 une l\u00e9gende antis\u00e9mite?\u00a0<\/span><\/p>\n<p align=\"CENTER\"><span style=\"color: #333300\">Supprimer la chapelle du Tr\u00e8s-Saint Sacrement \u00e0 la cath\u00e9drale et la r\u00e9affecter en mus\u00e9e?<\/span><\/p>\n<p align=\"CENTER\"><span style=\"color: #333300\">R\u00e9duire en nombre, distribuer ou r\u00e9affecter (puis d\u00e9sacraliser) les \u00e9glises paroissiales\u00a0?<\/span><\/p>\n<p align=\"CENTER\"><span style=\"color: #333300\">Supprimer les paroisses (et leur concept) pour les fondre dans des UP? <\/span><\/p>\n<p align=\"CENTER\"><span style=\"color: #333300\">D\u00e9sacraliser la fonction sacerdotale en r\u00e9duisant nos cur\u00e9s (c\u00e9libataires) \u00e0 des \u00ab\u00a0administrateurs\u00a0\u00bb , pourquoi pas, mari\u00e9s?<\/span><\/p>\n<p align=\"CENTER\"><span style=\"color: #333300\">Dissoudre une Fraternit\u00e9 sacerdotale prometteuse\u00a0?<\/span><\/p>\n<p align=\"CENTER\"><span style=\"color: #333300\">Supprimer l&rsquo;unique Fraternit\u00e9 Monastique \u00e0 Bruxelles ?<\/span><\/p>\n<p align=\"CENTER\">D<span style=\"color: #333300\">\u00e9sacraliser les enfants en les privant (sauf exceptions) des sacrements du Bapt\u00eame, de l&rsquo;Eucharistie et de la P\u00e9nitence\/R\u00e9conciliation <\/span><\/p>\n<p align=\"CENTER\"><span style=\"color: #333300\">jusqu&rsquo;au seuil de leur adolescence?\u00a0<\/span><\/p>\n<p align=\"CENTER\"><span style=\"color: #333300\"><strong>Quel fil rouge,\u00a0quelle dynamique \u00e0 l\u2019\u0153uvre sinon celle de <\/strong><\/span><\/p>\n<p align=\"CENTER\"><span style=\"color: #333300\"><strong>la d\u00e9sacralisation <\/strong><\/span><\/p>\n<p align=\"CENTER\"><span style=\"color: #333300\"><strong>de la foi,<\/strong><\/span><\/p>\n<p align=\"CENTER\"><span style=\"color: #333300\"><strong>de l&rsquo;Eglise <\/strong><\/span><\/p>\n<p align=\"CENTER\"><span style=\"color: #333300\"><strong>et de son auto-r\u00e9duction!<\/strong><\/span><\/p>\n<p align=\"CENTER\"><span style=\"color: #333300\"><span style=\"color: #005000\">Par manque de foi et d\u2019esp\u00e9rance?<\/span><\/span><\/p>\n<p align=\"CENTER\"><span style=\"color: #333300\">pour s\u2019aligner discr\u00e8tement sur les autres religions?<\/span><\/p>\n<p align=\"CENTER\"><span style=\"color: #333300\">pour cultiver un \u00ab\u00a0vivre ensemble humaniste\u00a0\u00bb?<\/span><\/p>\n<p align=\"CENTER\"><span style=\"color: #333300\">par refus ou peur d\u2019annoncer le Christ comme \u00e9tant Le Chemin, la V\u00e9rit\u00e9 et la Vie ? <\/span><\/p>\n<p align=\"CENTER\"><span style=\"color: #333300\"><b>Pas d\u2019avenir pour l\u2019Eglise et le christianisme en Europe, <\/b><\/span><\/p>\n<p align=\"CENTER\"><span style=\"color: #333300\"><b>si le c\u0153ur de l\u2019Europe perd sa foi et son souffle missionnaire\u00a0!<\/b><\/span><\/p>\n<p align=\"CENTER\"><span style=\"color: #333300\"><b>Halte \u00e0 la pastorale de la d\u00e9croissance\u00a0!\u00a0\u00a0<\/b><b>Cap vers la pastorale de la croissance\u00a0!<\/b><\/span><\/p>\n<p align=\"CENTER\"><span style=\"color: #333300\"><b>\u00ab\u00a0Choisis donc la Vie\u00a0!\u00a0\u00bb Dt 30, 19<\/b><\/span><\/p>\n<p>[\/vc_column_text][\/vc_column][\/vc_row]<\/p>\n","protected":false},"excerpt":{"rendered":"<p>[vc_row][vc_column][vc_column_text] 1. Changeons de cap Cap actuel (d&rsquo;apr\u00e8s Mgr De Kesel) \u00ab\u00a0C\u2019est la fin d\u00e9finitive de la chr\u00e9tient\u00e9\u00a0\u00bb. \u00ab L\u2019Eglise doit accepter de tout c\u0153ur cette culture moderne pluraliste et y trouver sa place\u00a0\u00bb (1). \u00ab\u00a0Ce sera une \u00c9glise plus petite, mais &#8211; et c&rsquo;est beaucoup plus important &#8211; ce sera une \u00c9glise plus pratiquante, [&hellip;]<\/p>\n","protected":false},"author":12,"featured_media":0,"parent":0,"menu_order":0,"comment_status":"closed","ping_status":"closed","template":"","meta":{"_et_pb_use_builder":"","_et_pb_old_content":"","_et_gb_content_width":"","footnotes":""},"class_list":["post-46","page","type-page","status-publish","hentry"],"_links":{"self":[{"href":"http:\/\/plug.izone.be\/cap-ciel-bxl\/wp-json\/wp\/v2\/pages\/46","targetHints":{"allow":["GET"]}}],"collection":[{"href":"http:\/\/plug.izone.be\/cap-ciel-bxl\/wp-json\/wp\/v2\/pages"}],"about":[{"href":"http:\/\/plug.izone.be\/cap-ciel-bxl\/wp-json\/wp\/v2\/types\/page"}],"author":[{"embeddable":true,"href":"http:\/\/plug.izone.be\/cap-ciel-bxl\/wp-json\/wp\/v2\/users\/12"}],"replies":[{"embeddable":true,"href":"http:\/\/plug.izone.be\/cap-ciel-bxl\/wp-json\/wp\/v2\/comments?post=46"}],"version-history":[{"count":35,"href":"http:\/\/plug.izone.be\/cap-ciel-bxl\/wp-json\/wp\/v2\/pages\/46\/revisions"}],"predecessor-version":[{"id":612,"href":"http:\/\/plug.izone.be\/cap-ciel-bxl\/wp-json\/wp\/v2\/pages\/46\/revisions\/612"}],"wp:attachment":[{"href":"http:\/\/plug.izone.be\/cap-ciel-bxl\/wp-json\/wp\/v2\/media?parent=46"}],"curies":[{"name":"wp","href":"https:\/\/api.w.org\/{rel}","templated":true}]}}